{"id":6085,"date":"2023-07-20T16:13:15","date_gmt":"2023-07-20T16:13:15","guid":{"rendered":"http:\/\/amurriobidean.org\/?page_id=6085"},"modified":"2023-07-28T06:15:20","modified_gmt":"2023-07-28T06:15:20","slug":"practicas-profesionales-programa-para-empresas","status":"publish","type":"page","link":"https:\/\/amurriobidean.org\/es\/practicas-profesionales-programa-para-empresas\/","title":{"rendered":"Pr\u00e1cticas Profesionales. Programa para empresas"},"content":{"rendered":"\n<style type=\"text\/css\" data-created_by=\"avia_inline_auto\" id=\"style-css-av-lkl5znk8-961fd8ae4b231e635c75a3fac69e1a4d\">\n.avia-section.av-lkl5znk8-961fd8ae4b231e635c75a3fac69e1a4d{\nbackground-color:#00c389;\nbackground-image:unset;\n}\n<\/style>\n<div id='av_section_1'  class='avia-section av-lkl5znk8-961fd8ae4b231e635c75a3fac69e1a4d main_color avia-section-default avia-no-border-styling  avia-builder-el-0  el_before_av_textblock  avia-builder-el-first  avia-bg-style-scroll container_wrap sidebar_right'  ><div class='container av-section-cont-open' ><main  role=\"main\" itemprop=\"mainContentOfPage\"  class='template-page content  av-content-small alpha units'><div class='post-entry post-entry-type-page post-entry-6085'><div class='entry-content-wrapper clearfix'>\n\n<style type=\"text\/css\" data-created_by=\"avia_inline_auto\" id=\"style-css-av-lkl63wkt-63749be56e0bc247f34062ab2e8d5d3f\">\n.flex_column.av-lkl63wkt-63749be56e0bc247f34062ab2e8d5d3f{\nborder-radius:0px 0px 0px 0px;\npadding:20px 0px 20px 0px;\nbackground-color:#00c389;\n}\n<\/style>\n<div  class='flex_column av-lkl63wkt-63749be56e0bc247f34062ab2e8d5d3f av_one_full  avia-builder-el-1  avia-builder-el-no-sibling  first no_margin flex_column_div av-animated-generic fade-in  '     ><style type=\"text\/css\" data-created_by=\"avia_inline_auto\" id=\"style-css-av-lkl5voe7-617c1f8f8d9e7311a54cd6f34316ba82\">\n#top .av-special-heading.av-lkl5voe7-617c1f8f8d9e7311a54cd6f34316ba82{\npadding-bottom:10px;\ncolor:#ffffff;\nfont-size:35px;\n}\nbody .av-special-heading.av-lkl5voe7-617c1f8f8d9e7311a54cd6f34316ba82 .av-special-heading-tag .heading-char{\nfont-size:25px;\n}\n#top #wrap_all .av-special-heading.av-lkl5voe7-617c1f8f8d9e7311a54cd6f34316ba82 .av-special-heading-tag{\nfont-size:35px;\n}\n.av-special-heading.av-lkl5voe7-617c1f8f8d9e7311a54cd6f34316ba82 .special-heading-inner-border{\nborder-color:#ffffff;\n}\n.av-special-heading.av-lkl5voe7-617c1f8f8d9e7311a54cd6f34316ba82 .av-subheading{\nfont-size:15px;\n}\n\n@media only screen and (min-width: 480px) and (max-width: 767px){ \n#top #wrap_all .av-special-heading.av-lkl5voe7-617c1f8f8d9e7311a54cd6f34316ba82 .av-special-heading-tag{\nfont-size:0.8em;\n}\n}\n\n@media only screen and (max-width: 479px){ \n#top #wrap_all .av-special-heading.av-lkl5voe7-617c1f8f8d9e7311a54cd6f34316ba82 .av-special-heading-tag{\nfont-size:0.8em;\n}\n}\n<\/style>\n<div  class='av-special-heading av-lkl5voe7-617c1f8f8d9e7311a54cd6f34316ba82 av-special-heading-h1 custom-color-heading blockquote modern-quote modern-centered  avia-builder-el-2  avia-builder-el-no-sibling  av-inherit-size'><h1 class='av-special-heading-tag '  itemprop=\"headline\"  >Pr\u00e1cticas Profesionales. Programa para empresas<\/h1><div class=\"special-heading-border\"><div class=\"special-heading-inner-border\"><\/div><\/div><\/div><\/div>\n<\/div><\/div><\/main><!-- close content main element --><\/div><\/div><div id='after_section_1'  class='main_color av_default_container_wrap container_wrap sidebar_right'  ><div class='container av-section-cont-open' ><div class='template-page content  av-content-small alpha units'><div class='post-entry post-entry-type-page post-entry-6085'><div class='entry-content-wrapper clearfix'>\n<section  class='av_textblock_section av-lkl65agy-2aef2ff0c94fa35bd9b293d7f5a22032 '   itemscope=\"itemscope\" itemtype=\"https:\/\/schema.org\/CreativeWork\" ><div class='avia_textblock'  itemprop=\"text\" ><p style=\"text-align: left;\">Con el objetivo de fomentar el empleo y la vinculaci\u00f3n de las personas desempleadas con las empresas se presentan estas pr\u00e1cticas profesionales que contribuyen a tus proyectos y los de tu organizaci\u00f3n.<\/p>\n<p style=\"text-align: left;\">\u00bfQu\u00e9 es una pr\u00e1ctica profesional?<\/p>\n<p style=\"text-align: left;\">Es un programa de inserci\u00f3n laboral que conecta a empresas con personas en desempleo empadronadas en Amurrio para dotarles de experiencia formativa y pr\u00e1ctica con el fin de lograr su integraci\u00f3n profesional cualificada.<\/p>\n<p style=\"text-align: left;\">Para conseguirlo, en Amurrio Bidean, centramos nuestra actividad en la formaci\u00f3n en materias de inter\u00e9s para el tejido local y el desarrollo de competencias profesionales demandadas por dicho tejido.<\/p>\n<p style=\"text-align: left;\"><strong>Una oportunidad para ti y una experiencia laboral para las personas de Amurrio.<\/strong><\/p>\n<\/div><\/section>\n\n<style type=\"text\/css\" data-created_by=\"avia_inline_auto\" id=\"style-css-av-4y50w5-d270899e3a82a5b9a23445d630e7cd6e\">\n.flex_column.av-4y50w5-d270899e3a82a5b9a23445d630e7cd6e{\nborder-radius:0px 0px 0px 0px;\npadding:0px 0px 0px 0px;\n}\n<\/style>\n<div  class='flex_column av-4y50w5-d270899e3a82a5b9a23445d630e7cd6e av_one_fifth  avia-builder-el-4  el_after_av_textblock  el_before_av_three_fifth  first flex_column_div av-zero-column-padding  column-top-margin'     ><\/div>\n\n<style type=\"text\/css\" data-created_by=\"avia_inline_auto\" id=\"style-css-av-lklfi36o-447164c26593d92f551e52dca5c88b01\">\n.flex_column.av-lklfi36o-447164c26593d92f551e52dca5c88b01{\nborder-radius:0px 0px 0px 0px;\npadding:30px 30px 30px 30px;\nbackground-color:#00c389;\n}\n<\/style>\n<div  class='flex_column av-lklfi36o-447164c26593d92f551e52dca5c88b01 av_three_fifth  avia-builder-el-5  el_after_av_one_fifth  el_before_av_one_fifth  flex_column_div  column-top-margin'     ><p>\n<style type=\"text\/css\" data-created_by=\"avia_inline_auto\" id=\"style-css-av-lklet7wr-411d8cfb18963b0261dc3526571e9c4c\">\n#top .av-special-heading.av-lklet7wr-411d8cfb18963b0261dc3526571e9c4c{\nmargin:10px 0 15px 0;\npadding-bottom:5px;\ncolor:#ffffff;\nfont-size:25px;\n}\nbody .av-special-heading.av-lklet7wr-411d8cfb18963b0261dc3526571e9c4c .av-special-heading-tag .heading-char{\nfont-size:25px;\n}\n#top #wrap_all .av-special-heading.av-lklet7wr-411d8cfb18963b0261dc3526571e9c4c .av-special-heading-tag{\nfont-size:25px;\n}\n.av-special-heading.av-lklet7wr-411d8cfb18963b0261dc3526571e9c4c .special-heading-inner-border{\nborder-color:#ffffff;\n}\n.av-special-heading.av-lklet7wr-411d8cfb18963b0261dc3526571e9c4c .av-subheading{\nfont-size:15px;\n}\n\n@media only screen and (min-width: 480px) and (max-width: 767px){ \n#top #wrap_all .av-special-heading.av-lklet7wr-411d8cfb18963b0261dc3526571e9c4c .av-special-heading-tag{\nfont-size:0.8em;\n}\n}\n\n@media only screen and (max-width: 479px){ \n#top #wrap_all .av-special-heading.av-lklet7wr-411d8cfb18963b0261dc3526571e9c4c .av-special-heading-tag{\nfont-size:0.8em;\n}\n}\n<\/style>\n<div  class='av-special-heading av-lklet7wr-411d8cfb18963b0261dc3526571e9c4c av-special-heading-h3 custom-color-heading blockquote modern-quote modern-centered  avia-builder-el-6  el_before_av_button  avia-builder-el-first  av-inherit-size av-linked-heading'><h3 class='av-special-heading-tag '  itemprop=\"headline\"  ><a class=\"av-heading-link\" href=\"\/es\/contacto\/\" >\u00bfTe interesa este servicio?<\/a><\/h3><div class=\"special-heading-border\"><div class=\"special-heading-inner-border\"><\/div><\/div><\/div><br \/>\n<div  class='avia-button-wrap av-lkl6dkta-e8d658788efb8fde1bbc906ede8de0a6-wrap avia-button-center  avia-builder-el-7  el_after_av_heading  avia-builder-el-last '><a href='\/es\/contacto\/'  class='avia-button av-lkl6dkta-e8d658788efb8fde1bbc906ede8de0a6 av-link-btn avia-icon_select-no avia-size-x-large avia-position-center avia-color-light'   aria-label=\"\u00a1Cont\u00e1ctanos!\"><span class='avia_iconbox_title' >\u00a1Cont\u00e1ctanos!<\/span><\/a><\/div><\/p><\/div>\n\n<style type=\"text\/css\" data-created_by=\"avia_inline_auto\" id=\"style-css-av-2prxnp-91e6386d39e1668692bee7f933666f35\">\n.flex_column.av-2prxnp-91e6386d39e1668692bee7f933666f35{\nborder-radius:0px 0px 0px 0px;\npadding:0px 0px 0px 0px;\n}\n<\/style>\n<div  class='flex_column av-2prxnp-91e6386d39e1668692bee7f933666f35 av_one_fifth  avia-builder-el-8  el_after_av_three_fifth  avia-builder-el-last  flex_column_div av-zero-column-padding  column-top-margin'     ><\/div>\n","protected":false},"excerpt":{"rendered":"","protected":false},"author":1,"featured_media":0,"parent":0,"menu_order":0,"comment_status":"closed","ping_status":"closed","template":"","meta":{"footnotes":""},"class_list":["post-6085","page","type-page","status-publish","hentry"],"yoast_head":"<!-- This site is optimized with the Yoast SEO plugin v25.3 - https:\/\/yoast.com\/wordpress\/plugins\/seo\/ -->\n<title>Pr\u00e1cticas Profesionales. Programa para empresas - Amurrio Bidean. Garapen Agentzia - Agencia de desarrollo.<\/title>\n<meta name=\"robots\" content=\"index, follow, max-snippet:-1, max-image-preview:large, max-video-preview:-1\" \/>\n<link rel=\"canonical\" href=\"https:\/\/amurriobidean.org\/es\/practicas-profesionales-programa-para-empresas\/\" \/>\n<meta property=\"og:locale\" content=\"es_ES\" \/>\n<meta property=\"og:type\" content=\"article\" \/>\n<meta property=\"og:title\" content=\"Pr\u00e1cticas Profesionales. Programa para empresas - Amurrio Bidean. Garapen Agentzia - Agencia de desarrollo.\" \/>\n<meta property=\"og:url\" content=\"https:\/\/amurriobidean.org\/es\/practicas-profesionales-programa-para-empresas\/\" \/>\n<meta property=\"og:site_name\" content=\"Amurrio Bidean. Garapen Agentzia - Agencia de desarrollo.\" \/>\n<meta property=\"article:publisher\" content=\"https:\/\/www.facebook.com\/amurrio.bidean\" \/>\n<meta property=\"article:modified_time\" content=\"2023-07-28T06:15:20+00:00\" \/>\n<meta name=\"twitter:card\" content=\"summary_large_image\" \/>\n<meta name=\"twitter:site\" content=\"@amurriobidean\" \/>\n<meta name=\"twitter:label1\" content=\"Tiempo de lectura\" \/>\n\t<meta name=\"twitter:data1\" content=\"2 minutos\" \/>\n<script type=\"application\/ld+json\" class=\"yoast-schema-graph\">{\"@context\":\"https:\/\/schema.org\",\"@graph\":[{\"@type\":\"WebPage\",\"@id\":\"https:\/\/amurriobidean.org\/es\/practicas-profesionales-programa-para-empresas\/\",\"url\":\"https:\/\/amurriobidean.org\/es\/practicas-profesionales-programa-para-empresas\/\",\"name\":\"Pr\u00e1cticas Profesionales. Programa para empresas - Amurrio Bidean. Garapen Agentzia - Agencia de desarrollo.\",\"isPartOf\":{\"@id\":\"https:\/\/amurriobidean.org\/es\/#website\"},\"datePublished\":\"2023-07-20T16:13:15+00:00\",\"dateModified\":\"2023-07-28T06:15:20+00:00\",\"breadcrumb\":{\"@id\":\"https:\/\/amurriobidean.org\/es\/practicas-profesionales-programa-para-empresas\/#breadcrumb\"},\"inLanguage\":\"es\",\"potentialAction\":[{\"@type\":\"ReadAction\",\"target\":[\"https:\/\/amurriobidean.org\/es\/practicas-profesionales-programa-para-empresas\/\"]}]},{\"@type\":\"BreadcrumbList\",\"@id\":\"https:\/\/amurriobidean.org\/es\/practicas-profesionales-programa-para-empresas\/#breadcrumb\",\"itemListElement\":[{\"@type\":\"ListItem\",\"position\":1,\"name\":\"Portada\",\"item\":\"https:\/\/amurriobidean.org\/es\/\"},{\"@type\":\"ListItem\",\"position\":2,\"name\":\"Pr\u00e1cticas Profesionales. Programa para empresas\"}]},{\"@type\":\"WebSite\",\"@id\":\"https:\/\/amurriobidean.org\/es\/#website\",\"url\":\"https:\/\/amurriobidean.org\/es\/\",\"name\":\"Amurrio Bidean. Garapen Agentzia - Agencia de desarrollo.\",\"description\":\"Agencia de Desarollo Local de Amurrio\",\"potentialAction\":[{\"@type\":\"SearchAction\",\"target\":{\"@type\":\"EntryPoint\",\"urlTemplate\":\"https:\/\/amurriobidean.org\/es\/?s={search_term_string}\"},\"query-input\":{\"@type\":\"PropertyValueSpecification\",\"valueRequired\":true,\"valueName\":\"search_term_string\"}}],\"inLanguage\":\"es\"}]}<\/script>\n<!-- \/ Yoast SEO plugin. -->","yoast_head_json":{"title":"Pr\u00e1cticas Profesionales. Programa para empresas - Amurrio Bidean. Garapen Agentzia - Agencia de desarrollo.","robots":{"index":"index","follow":"follow","max-snippet":"max-snippet:-1","max-image-preview":"max-image-preview:large","max-video-preview":"max-video-preview:-1"},"canonical":"https:\/\/amurriobidean.org\/es\/practicas-profesionales-programa-para-empresas\/","og_locale":"es_ES","og_type":"article","og_title":"Pr\u00e1cticas Profesionales. Programa para empresas - Amurrio Bidean. Garapen Agentzia - Agencia de desarrollo.","og_url":"https:\/\/amurriobidean.org\/es\/practicas-profesionales-programa-para-empresas\/","og_site_name":"Amurrio Bidean. Garapen Agentzia - Agencia de desarrollo.","article_publisher":"https:\/\/www.facebook.com\/amurrio.bidean","article_modified_time":"2023-07-28T06:15:20+00:00","twitter_card":"summary_large_image","twitter_site":"@amurriobidean","twitter_misc":{"Tiempo de lectura":"2 minutos"},"schema":{"@context":"https:\/\/schema.org","@graph":[{"@type":"WebPage","@id":"https:\/\/amurriobidean.org\/es\/practicas-profesionales-programa-para-empresas\/","url":"https:\/\/amurriobidean.org\/es\/practicas-profesionales-programa-para-empresas\/","name":"Pr\u00e1cticas Profesionales. Programa para empresas - Amurrio Bidean. Garapen Agentzia - Agencia de desarrollo.","isPartOf":{"@id":"https:\/\/amurriobidean.org\/es\/#website"},"datePublished":"2023-07-20T16:13:15+00:00","dateModified":"2023-07-28T06:15:20+00:00","breadcrumb":{"@id":"https:\/\/amurriobidean.org\/es\/practicas-profesionales-programa-para-empresas\/#breadcrumb"},"inLanguage":"es","potentialAction":[{"@type":"ReadAction","target":["https:\/\/amurriobidean.org\/es\/practicas-profesionales-programa-para-empresas\/"]}]},{"@type":"BreadcrumbList","@id":"https:\/\/amurriobidean.org\/es\/practicas-profesionales-programa-para-empresas\/#breadcrumb","itemListElement":[{"@type":"ListItem","position":1,"name":"Portada","item":"https:\/\/amurriobidean.org\/es\/"},{"@type":"ListItem","position":2,"name":"Pr\u00e1cticas Profesionales. Programa para empresas"}]},{"@type":"WebSite","@id":"https:\/\/amurriobidean.org\/es\/#website","url":"https:\/\/amurriobidean.org\/es\/","name":"Amurrio Bidean. Garapen Agentzia - Agencia de desarrollo.","description":"Agencia de Desarollo Local de Amurrio","potentialAction":[{"@type":"SearchAction","target":{"@type":"EntryPoint","urlTemplate":"https:\/\/amurriobidean.org\/es\/?s={search_term_string}"},"query-input":{"@type":"PropertyValueSpecification","valueRequired":true,"valueName":"search_term_string"}}],"inLanguage":"es"}]}},"_links":{"self":[{"href":"https:\/\/amurriobidean.org\/es\/wp-json\/wp\/v2\/pages\/6085","targetHints":{"allow":["GET"]}}],"collection":[{"href":"https:\/\/amurriobidean.org\/es\/wp-json\/wp\/v2\/pages"}],"about":[{"href":"https:\/\/amurriobidean.org\/es\/wp-json\/wp\/v2\/types\/page"}],"author":[{"embeddable":true,"href":"https:\/\/amurriobidean.org\/es\/wp-json\/wp\/v2\/users\/1"}],"replies":[{"embeddable":true,"href":"https:\/\/amurriobidean.org\/es\/wp-json\/wp\/v2\/comments?post=6085"}],"version-history":[{"count":0,"href":"https:\/\/amurriobidean.org\/es\/wp-json\/wp\/v2\/pages\/6085\/revisions"}],"wp:attachment":[{"href":"https:\/\/amurriobidean.org\/es\/wp-json\/wp\/v2\/media?parent=6085"}],"curies":[{"name":"wp","href":"https:\/\/api.w.org\/{rel}","templated":true}]}}