{"id":6071,"date":"2023-07-20T15:50:05","date_gmt":"2023-07-20T15:50:05","guid":{"rendered":"http:\/\/amurriobidean.org\/?page_id=6071"},"modified":"2024-09-27T14:19:47","modified_gmt":"2024-09-27T12:19:47","slug":"formacion-practicas-profesionales-becadas","status":"publish","type":"page","link":"https:\/\/amurriobidean.org\/es\/formacion-practicas-profesionales-becadas\/","title":{"rendered":"Formaci\u00f3n\/Pr\u00e1cticas profesionales becadas"},"content":{"rendered":"\n<style type=\"text\/css\" data-created_by=\"avia_inline_auto\" id=\"style-css-av-lklhmamm-440d74a5cddce5d141272ae44d4a3826\">\n.avia-section.av-lklhmamm-440d74a5cddce5d141272ae44d4a3826{\nbackground-color:#00c389;\nbackground-image:unset;\n}\n<\/style>\n<div id='av_section_1'  class='avia-section av-lklhmamm-440d74a5cddce5d141272ae44d4a3826 main_color avia-section-default avia-no-border-styling  avia-builder-el-0  el_before_av_section  avia-builder-el-first  avia-bg-style-scroll container_wrap sidebar_right'  ><div class='container av-section-cont-open' ><main  role=\"main\" itemprop=\"mainContentOfPage\"  class='template-page content  av-content-small alpha units'><div class='post-entry post-entry-type-page post-entry-6071'><div class='entry-content-wrapper clearfix'>\n\n<style type=\"text\/css\" data-created_by=\"avia_inline_auto\" id=\"style-css-av-lklhod11-46d3d5d2cab9f0a1ada6abf58995bb84\">\n.flex_column.av-lklhod11-46d3d5d2cab9f0a1ada6abf58995bb84{\nborder-radius:0px 0px 0px 0px;\npadding:20px 0px 20px 0px;\nbackground-color:#00c389;\n}\n<\/style>\n<div  class='flex_column av-lklhod11-46d3d5d2cab9f0a1ada6abf58995bb84 av_one_full  avia-builder-el-1  avia-builder-el-no-sibling  first no_margin flex_column_div  '     ><style type=\"text\/css\" data-created_by=\"avia_inline_auto\" id=\"style-css-av-lmu6zs0q-3ba34851fd4d100c695a2503bec7927c\">\n#top .av-special-heading.av-lmu6zs0q-3ba34851fd4d100c695a2503bec7927c{\npadding-bottom:10px;\ncolor:#ffffff;\nfont-size:35px;\n}\nbody .av-special-heading.av-lmu6zs0q-3ba34851fd4d100c695a2503bec7927c .av-special-heading-tag .heading-char{\nfont-size:25px;\n}\n#top #wrap_all .av-special-heading.av-lmu6zs0q-3ba34851fd4d100c695a2503bec7927c .av-special-heading-tag{\nfont-size:35px;\n}\n.av-special-heading.av-lmu6zs0q-3ba34851fd4d100c695a2503bec7927c .special-heading-inner-border{\nborder-color:#ffffff;\n}\n.av-special-heading.av-lmu6zs0q-3ba34851fd4d100c695a2503bec7927c .av-subheading{\nfont-size:15px;\n}\n\n@media only screen and (min-width: 480px) and (max-width: 767px){ \n#top #wrap_all .av-special-heading.av-lmu6zs0q-3ba34851fd4d100c695a2503bec7927c .av-special-heading-tag{\nfont-size:0.8em;\n}\n}\n\n@media only screen and (max-width: 479px){ \n#top #wrap_all .av-special-heading.av-lmu6zs0q-3ba34851fd4d100c695a2503bec7927c .av-special-heading-tag{\nfont-size:0.8em;\n}\n}\n<\/style>\n<div  class='av-special-heading av-lmu6zs0q-3ba34851fd4d100c695a2503bec7927c av-special-heading-h3 custom-color-heading blockquote modern-quote modern-centered  avia-builder-el-2  avia-builder-el-no-sibling  av-inherit-size'><h3 class='av-special-heading-tag '  itemprop=\"headline\"  >Pr\u00e1cticas profesionales becadas<\/h3><div class=\"special-heading-border\"><div class=\"special-heading-inner-border\"><\/div><\/div><\/div><\/div>\n\n<\/div><\/div><\/main><!-- close content main element --><\/div><\/div>\n<style type=\"text\/css\" data-created_by=\"avia_inline_auto\" id=\"style-css-av-lklhru84-36f3bbf5519048ed3929d7fc59064a0f\">\n.avia-section.av-lklhru84-36f3bbf5519048ed3929d7fc59064a0f{\nbackground-color:#ffffff;\nbackground-image:unset;\n}\n<\/style>\n<div id='av_section_2'  class='avia-section av-lklhru84-36f3bbf5519048ed3929d7fc59064a0f main_color avia-section-default avia-no-border-styling  avia-builder-el-3  el_after_av_section  el_before_av_one_third  avia-bg-style-scroll container_wrap sidebar_right'  ><div class='container av-section-cont-open' ><div class='template-page content  av-content-small alpha units'><div class='post-entry post-entry-type-page post-entry-6071'><div class='entry-content-wrapper clearfix'>\n\n<style type=\"text\/css\" data-created_by=\"avia_inline_auto\" id=\"style-css-av-5v8aon-5f8e39a7b3f7c2f4cac202d2b4c3faaa\">\n.flex_column.av-5v8aon-5f8e39a7b3f7c2f4cac202d2b4c3faaa{\nborder-radius:0px 0px 0px 0px;\npadding:0px 0px 0px 0px;\n}\n<\/style>\n<div  class='flex_column av-5v8aon-5f8e39a7b3f7c2f4cac202d2b4c3faaa av_one_full  avia-builder-el-4  avia-builder-el-no-sibling  first flex_column_div av-zero-column-padding  '     ><section  class='av_textblock_section av-lklhi21b-a4d14cefa5519fef119503cba3fde811 '   itemscope=\"itemscope\" itemtype=\"https:\/\/schema.org\/CreativeWork\" ><div class='avia_textblock'  itemprop=\"text\" ><p style=\"text-align: justify;\">\u00a1Descubre las pr\u00e1cticas profesionales becadas y da un impulso a tu carrera! Estas oportunidades te permiten adquirir experiencia pr\u00e1ctica en tu campo de estudio mientras recibes una remuneraci\u00f3n econ\u00f3mica. Ampl\u00eda tu red profesional, descubre tus fortalezas y mejora tu curr\u00edculum. Encuentra convocatorias abiertas en nuestra p\u00e1gina web y construye un futuro s\u00f3lido. \u00a1No pierdas la oportunidad de dar el salto de la etapa estudiantil a la profesional con una compensaci\u00f3n econ\u00f3mica!<\/p>\n<\/div><\/section><\/div>\n<\/div><\/div><\/div><!-- close content main div --><\/div><\/div><div id='after_section_2'  class='main_color av_default_container_wrap container_wrap sidebar_right'  ><div class='container av-section-cont-open' ><div class='template-page content  av-content-small alpha units'><div class='post-entry post-entry-type-page post-entry-6071'><div class='entry-content-wrapper clearfix'>\n\n<style type=\"text\/css\" data-created_by=\"avia_inline_auto\" id=\"style-css-av-4f05hz-534eb573046ce751b74bfce0a1244e83\">\n.flex_column.av-4f05hz-534eb573046ce751b74bfce0a1244e83{\nborder-radius:0px 0px 0px 0px;\npadding:0px 0px 0px 0px;\n}\n<\/style>\n<div  class='flex_column av-4f05hz-534eb573046ce751b74bfce0a1244e83 av_one_third  avia-builder-el-6  el_after_av_section  el_before_av_one_third  avia-builder-el-first  first flex_column_div av-zero-column-padding  '     ><\/div>\n\n<style type=\"text\/css\" data-created_by=\"avia_inline_auto\" id=\"style-css-av-lklfi36o-447164c26593d92f551e52dca5c88b01\">\n.flex_column.av-lklfi36o-447164c26593d92f551e52dca5c88b01{\nborder-radius:0px 0px 0px 0px;\npadding:30px 30px 30px 30px;\nbackground-color:#00c389;\n}\n<\/style>\n<div  class='flex_column av-lklfi36o-447164c26593d92f551e52dca5c88b01 av_one_third  avia-builder-el-7  el_after_av_one_third  el_before_av_one_third  flex_column_div  '     ><p>\n<style type=\"text\/css\" data-created_by=\"avia_inline_auto\" id=\"style-css-av-m1kmyqu9-28278cfc2929ee915e77ac675a03d881\">\n#top .av-special-heading.av-m1kmyqu9-28278cfc2929ee915e77ac675a03d881{\nmargin:10px 0 15px 0;\npadding-bottom:5px;\ncolor:#ffffff;\nfont-size:25px;\n}\nbody .av-special-heading.av-m1kmyqu9-28278cfc2929ee915e77ac675a03d881 .av-special-heading-tag .heading-char{\nfont-size:25px;\n}\n#top #wrap_all .av-special-heading.av-m1kmyqu9-28278cfc2929ee915e77ac675a03d881 .av-special-heading-tag{\nfont-size:25px;\n}\n.av-special-heading.av-m1kmyqu9-28278cfc2929ee915e77ac675a03d881 .special-heading-inner-border{\nborder-color:#ffffff;\n}\n.av-special-heading.av-m1kmyqu9-28278cfc2929ee915e77ac675a03d881 .av-subheading{\nfont-size:15px;\n}\n\n@media only screen and (min-width: 480px) and (max-width: 767px){ \n#top #wrap_all .av-special-heading.av-m1kmyqu9-28278cfc2929ee915e77ac675a03d881 .av-special-heading-tag{\nfont-size:0.8em;\n}\n}\n\n@media only screen and (max-width: 479px){ \n#top #wrap_all .av-special-heading.av-m1kmyqu9-28278cfc2929ee915e77ac675a03d881 .av-special-heading-tag{\nfont-size:0.8em;\n}\n}\n<\/style>\n<div  class='av-special-heading av-m1kmyqu9-28278cfc2929ee915e77ac675a03d881 av-special-heading-h3 custom-color-heading blockquote modern-quote modern-centered  avia-builder-el-8  el_before_av_button  avia-builder-el-first  av-inherit-size av-linked-heading'><h3 class='av-special-heading-tag '  itemprop=\"headline\"  ><a class=\"av-heading-link\" href=\"https:\/\/amurriobidean.org\/wp-content\/uploads\/2024\/09\/27-09-24_Ofertas-castellano.pdf\" target=\"_blank\"  rel=\"noopener noreferrer\" >Descarga las pr\u00e1cticas disponibles desde aqu\u00ed<\/a><\/h3><div class=\"special-heading-border\"><div class=\"special-heading-inner-border\"><\/div><\/div><\/div><br \/>\n<div  class='avia-button-wrap av-lkl6dkta-1e62decf427aacca75cfcbd673ccf161-wrap avia-button-center  avia-builder-el-9  el_after_av_heading  avia-builder-el-last '><a href='https:\/\/www.tganet.net\/BEO\/hasiera_amurrio\/'  class='avia-button av-lkl6dkta-1e62decf427aacca75cfcbd673ccf161 av-link-btn avia-icon_select-no avia-size-x-large avia-position-center avia-color-light'  target=\"_blank\"  rel=\"noopener noreferrer\"  aria-label=\"D\u00e9janos tu CV\"><span class='avia_iconbox_title' >D\u00e9janos tu CV<\/span><\/a><\/div><\/p><\/div>\n<style type=\"text\/css\" data-created_by=\"avia_inline_auto\" id=\"style-css-av-2vrc9z-61d984d0353b5b6c2e63184968debd13\">\n.flex_column.av-2vrc9z-61d984d0353b5b6c2e63184968debd13{\nborder-radius:0px 0px 0px 0px;\npadding:0px 0px 0px 0px;\n}\n<\/style>\n<div  class='flex_column av-2vrc9z-61d984d0353b5b6c2e63184968debd13 av_one_third  avia-builder-el-10  el_after_av_one_third  avia-builder-el-last  flex_column_div av-zero-column-padding  '     ><\/div><\/p>\n","protected":false},"excerpt":{"rendered":"","protected":false},"author":1,"featured_media":0,"parent":0,"menu_order":0,"comment_status":"closed","ping_status":"closed","template":"","meta":{"footnotes":""},"class_list":["post-6071","page","type-page","status-publish","hentry"],"yoast_head":"<!-- This site is optimized with the Yoast SEO plugin v25.3 - https:\/\/yoast.com\/wordpress\/plugins\/seo\/ -->\n<title>Formaci\u00f3n\/Pr\u00e1cticas profesionales becadas - Amurrio Bidean. Garapen Agentzia - Agencia de desarrollo.<\/title>\n<meta name=\"robots\" content=\"index, follow, max-snippet:-1, max-image-preview:large, max-video-preview:-1\" \/>\n<link rel=\"canonical\" href=\"https:\/\/amurriobidean.org\/es\/formacion-practicas-profesionales-becadas\/\" \/>\n<meta property=\"og:locale\" content=\"es_ES\" \/>\n<meta property=\"og:type\" content=\"article\" \/>\n<meta property=\"og:title\" content=\"Formaci\u00f3n\/Pr\u00e1cticas profesionales becadas - Amurrio Bidean. Garapen Agentzia - Agencia de desarrollo.\" \/>\n<meta property=\"og:url\" content=\"https:\/\/amurriobidean.org\/es\/formacion-practicas-profesionales-becadas\/\" \/>\n<meta property=\"og:site_name\" content=\"Amurrio Bidean. Garapen Agentzia - Agencia de desarrollo.\" \/>\n<meta property=\"article:publisher\" content=\"https:\/\/www.facebook.com\/amurrio.bidean\" \/>\n<meta property=\"article:modified_time\" content=\"2024-09-27T12:19:47+00:00\" \/>\n<meta name=\"twitter:card\" content=\"summary_large_image\" \/>\n<meta name=\"twitter:site\" content=\"@amurriobidean\" \/>\n<meta name=\"twitter:label1\" content=\"Tiempo de lectura\" \/>\n\t<meta name=\"twitter:data1\" content=\"3 minutos\" \/>\n<script type=\"application\/ld+json\" class=\"yoast-schema-graph\">{\"@context\":\"https:\/\/schema.org\",\"@graph\":[{\"@type\":\"WebPage\",\"@id\":\"https:\/\/amurriobidean.org\/es\/formacion-practicas-profesionales-becadas\/\",\"url\":\"https:\/\/amurriobidean.org\/es\/formacion-practicas-profesionales-becadas\/\",\"name\":\"Formaci\u00f3n\/Pr\u00e1cticas profesionales becadas - Amurrio Bidean. Garapen Agentzia - Agencia de desarrollo.\",\"isPartOf\":{\"@id\":\"https:\/\/amurriobidean.org\/es\/#website\"},\"datePublished\":\"2023-07-20T15:50:05+00:00\",\"dateModified\":\"2024-09-27T12:19:47+00:00\",\"breadcrumb\":{\"@id\":\"https:\/\/amurriobidean.org\/es\/formacion-practicas-profesionales-becadas\/#breadcrumb\"},\"inLanguage\":\"es\",\"potentialAction\":[{\"@type\":\"ReadAction\",\"target\":[\"https:\/\/amurriobidean.org\/es\/formacion-practicas-profesionales-becadas\/\"]}]},{\"@type\":\"BreadcrumbList\",\"@id\":\"https:\/\/amurriobidean.org\/es\/formacion-practicas-profesionales-becadas\/#breadcrumb\",\"itemListElement\":[{\"@type\":\"ListItem\",\"position\":1,\"name\":\"Portada\",\"item\":\"https:\/\/amurriobidean.org\/es\/\"},{\"@type\":\"ListItem\",\"position\":2,\"name\":\"Formaci\u00f3n\/Pr\u00e1cticas profesionales becadas\"}]},{\"@type\":\"WebSite\",\"@id\":\"https:\/\/amurriobidean.org\/es\/#website\",\"url\":\"https:\/\/amurriobidean.org\/es\/\",\"name\":\"Amurrio Bidean. Garapen Agentzia - Agencia de desarrollo.\",\"description\":\"Agencia de Desarollo Local de Amurrio\",\"potentialAction\":[{\"@type\":\"SearchAction\",\"target\":{\"@type\":\"EntryPoint\",\"urlTemplate\":\"https:\/\/amurriobidean.org\/es\/?s={search_term_string}\"},\"query-input\":{\"@type\":\"PropertyValueSpecification\",\"valueRequired\":true,\"valueName\":\"search_term_string\"}}],\"inLanguage\":\"es\"}]}<\/script>\n<!-- \/ Yoast SEO plugin. -->","yoast_head_json":{"title":"Formaci\u00f3n\/Pr\u00e1cticas profesionales becadas - Amurrio Bidean. Garapen Agentzia - Agencia de desarrollo.","robots":{"index":"index","follow":"follow","max-snippet":"max-snippet:-1","max-image-preview":"max-image-preview:large","max-video-preview":"max-video-preview:-1"},"canonical":"https:\/\/amurriobidean.org\/es\/formacion-practicas-profesionales-becadas\/","og_locale":"es_ES","og_type":"article","og_title":"Formaci\u00f3n\/Pr\u00e1cticas profesionales becadas - Amurrio Bidean. Garapen Agentzia - Agencia de desarrollo.","og_url":"https:\/\/amurriobidean.org\/es\/formacion-practicas-profesionales-becadas\/","og_site_name":"Amurrio Bidean. Garapen Agentzia - Agencia de desarrollo.","article_publisher":"https:\/\/www.facebook.com\/amurrio.bidean","article_modified_time":"2024-09-27T12:19:47+00:00","twitter_card":"summary_large_image","twitter_site":"@amurriobidean","twitter_misc":{"Tiempo de lectura":"3 minutos"},"schema":{"@context":"https:\/\/schema.org","@graph":[{"@type":"WebPage","@id":"https:\/\/amurriobidean.org\/es\/formacion-practicas-profesionales-becadas\/","url":"https:\/\/amurriobidean.org\/es\/formacion-practicas-profesionales-becadas\/","name":"Formaci\u00f3n\/Pr\u00e1cticas profesionales becadas - Amurrio Bidean. Garapen Agentzia - Agencia de desarrollo.","isPartOf":{"@id":"https:\/\/amurriobidean.org\/es\/#website"},"datePublished":"2023-07-20T15:50:05+00:00","dateModified":"2024-09-27T12:19:47+00:00","breadcrumb":{"@id":"https:\/\/amurriobidean.org\/es\/formacion-practicas-profesionales-becadas\/#breadcrumb"},"inLanguage":"es","potentialAction":[{"@type":"ReadAction","target":["https:\/\/amurriobidean.org\/es\/formacion-practicas-profesionales-becadas\/"]}]},{"@type":"BreadcrumbList","@id":"https:\/\/amurriobidean.org\/es\/formacion-practicas-profesionales-becadas\/#breadcrumb","itemListElement":[{"@type":"ListItem","position":1,"name":"Portada","item":"https:\/\/amurriobidean.org\/es\/"},{"@type":"ListItem","position":2,"name":"Formaci\u00f3n\/Pr\u00e1cticas profesionales becadas"}]},{"@type":"WebSite","@id":"https:\/\/amurriobidean.org\/es\/#website","url":"https:\/\/amurriobidean.org\/es\/","name":"Amurrio Bidean. Garapen Agentzia - Agencia de desarrollo.","description":"Agencia de Desarollo Local de Amurrio","potentialAction":[{"@type":"SearchAction","target":{"@type":"EntryPoint","urlTemplate":"https:\/\/amurriobidean.org\/es\/?s={search_term_string}"},"query-input":{"@type":"PropertyValueSpecification","valueRequired":true,"valueName":"search_term_string"}}],"inLanguage":"es"}]}},"_links":{"self":[{"href":"https:\/\/amurriobidean.org\/es\/wp-json\/wp\/v2\/pages\/6071","targetHints":{"allow":["GET"]}}],"collection":[{"href":"https:\/\/amurriobidean.org\/es\/wp-json\/wp\/v2\/pages"}],"about":[{"href":"https:\/\/amurriobidean.org\/es\/wp-json\/wp\/v2\/types\/page"}],"author":[{"embeddable":true,"href":"https:\/\/amurriobidean.org\/es\/wp-json\/wp\/v2\/users\/1"}],"replies":[{"embeddable":true,"href":"https:\/\/amurriobidean.org\/es\/wp-json\/wp\/v2\/comments?post=6071"}],"version-history":[{"count":0,"href":"https:\/\/amurriobidean.org\/es\/wp-json\/wp\/v2\/pages\/6071\/revisions"}],"wp:attachment":[{"href":"https:\/\/amurriobidean.org\/es\/wp-json\/wp\/v2\/media?parent=6071"}],"curies":[{"name":"wp","href":"https:\/\/api.w.org\/{rel}","templated":true}]}}