{"id":5946,"date":"2023-06-08T08:58:06","date_gmt":"2023-06-08T08:58:06","guid":{"rendered":"http:\/\/amurriobidean.org\/?page_id=5946"},"modified":"2024-02-02T15:47:12","modified_gmt":"2024-02-02T13:47:12","slug":"oferta-publica-de-empleo-2","status":"publish","type":"page","link":"https:\/\/amurriobidean.org\/es\/oferta-publica-de-empleo-2\/","title":{"rendered":"Oferta p\u00fablica de empleo"},"content":{"rendered":"\n<style type=\"text\/css\" data-created_by=\"avia_inline_auto\" id=\"style-css-av-ryqbar-c4f112f20066248ee0d823fbadfa85bb\">\n.avia-section.av-ryqbar-c4f112f20066248ee0d823fbadfa85bb{\nbackground-color:#00c389;\nbackground-image:unset;\n}\n<\/style>\n<div id='av_section_1'  class='avia-section av-ryqbar-c4f112f20066248ee0d823fbadfa85bb main_color avia-section-default avia-no-border-styling  avia-builder-el-0  el_before_av_section  avia-builder-el-first  avia-bg-style-scroll container_wrap sidebar_right'  ><div class='container av-section-cont-open' ><main  role=\"main\" itemprop=\"mainContentOfPage\"  class='template-page content  av-content-small alpha units'><div class='post-entry post-entry-type-page post-entry-5946'><div class='entry-content-wrapper clearfix'>\n\n<style type=\"text\/css\" data-created_by=\"avia_inline_auto\" id=\"style-css-av-pcpbqb-5a097374a84ddd59d789b3094a3991c5\">\n.flex_column.av-pcpbqb-5a097374a84ddd59d789b3094a3991c5{\nborder-radius:0px 0px 0px 0px;\npadding:20px 0px 20px 0px;\nbackground-color:#00c389;\n}\n<\/style>\n<div  class='flex_column av-pcpbqb-5a097374a84ddd59d789b3094a3991c5 av_one_full  avia-builder-el-1  avia-builder-el-no-sibling  first no_margin flex_column_div av-animated-generic fade-in  '     ><style type=\"text\/css\" data-created_by=\"avia_inline_auto\" id=\"style-css-av-limwnry8-b34137a03a87406b9d5c592e9b891259\">\n#top .av-special-heading.av-limwnry8-b34137a03a87406b9d5c592e9b891259{\npadding-bottom:10px;\ncolor:#ffffff;\nfont-size:35px;\n}\nbody .av-special-heading.av-limwnry8-b34137a03a87406b9d5c592e9b891259 .av-special-heading-tag .heading-char{\nfont-size:25px;\n}\n#top #wrap_all .av-special-heading.av-limwnry8-b34137a03a87406b9d5c592e9b891259 .av-special-heading-tag{\nfont-size:35px;\n}\n.av-special-heading.av-limwnry8-b34137a03a87406b9d5c592e9b891259 .special-heading-inner-border{\nborder-color:#ffffff;\n}\n.av-special-heading.av-limwnry8-b34137a03a87406b9d5c592e9b891259 .av-subheading{\nfont-size:15px;\n}\n\n@media only screen and (min-width: 480px) and (max-width: 767px){ \n#top #wrap_all .av-special-heading.av-limwnry8-b34137a03a87406b9d5c592e9b891259 .av-special-heading-tag{\nfont-size:0.8em;\n}\n}\n\n@media only screen and (max-width: 479px){ \n#top #wrap_all .av-special-heading.av-limwnry8-b34137a03a87406b9d5c592e9b891259 .av-special-heading-tag{\nfont-size:0.8em;\n}\n}\n<\/style>\n<div  class='av-special-heading av-limwnry8-b34137a03a87406b9d5c592e9b891259 av-special-heading-h1 custom-color-heading blockquote modern-quote modern-centered  avia-builder-el-2  avia-builder-el-no-sibling  av-inherit-size'><h1 class='av-special-heading-tag '  itemprop=\"headline\"  >Oferta p\u00fablica de empleo<\/h1><div class=\"special-heading-border\"><div class=\"special-heading-inner-border\"><\/div><\/div><\/div><\/div>\n\n<\/div><\/div><\/main><!-- close content main element --><\/div><\/div><div id='av_section_2'  class='avia-section av-n12s3n-ea95b745639f3aa52c1cbc2b8199f35f main_color avia-section-default avia-no-shadow  avia-builder-el-3  el_after_av_section  avia-builder-el-last  avia-bg-style-scroll container_wrap sidebar_right'  ><div class='container av-section-cont-open' ><div class='template-page content  av-content-small alpha units'><div class='post-entry post-entry-type-page post-entry-5946'><div class='entry-content-wrapper clearfix'>\n\n<style type=\"text\/css\" data-created_by=\"avia_inline_auto\" id=\"style-css-av-l8515f-07566cf32055a36d44014fe9edbfe3b6\">\n.flex_column.av-l8515f-07566cf32055a36d44014fe9edbfe3b6{\nborder-radius:0px 0px 0px 0px;\npadding:0px 0px 0px 0px;\n}\n<\/style>\n<div  class='flex_column av-l8515f-07566cf32055a36d44014fe9edbfe3b6 av_one_full  avia-builder-el-4  el_before_av_one_fourth  avia-builder-el-first  first flex_column_div av-zero-column-padding  '     ><style type=\"text\/css\" data-created_by=\"avia_inline_auto\" id=\"style-css-av-1vi5n7-18a3dd56c010982790348d547a7ab7c3\">\n#top .av_textblock_section.av-1vi5n7-18a3dd56c010982790348d547a7ab7c3 .avia_textblock{\nfont-size:20px;\n}\n<\/style>\n<section  class='av_textblock_section av-1vi5n7-18a3dd56c010982790348d547a7ab7c3 '   itemscope=\"itemscope\" itemtype=\"https:\/\/schema.org\/CreativeWork\" ><div class='avia_textblock'  itemprop=\"text\" ><p><strong>PROCESOS EXCEPCIONALES Y ESPECIALES DE ESTABILIZACI\u00d3N DE EMPLEO<\/strong><\/p>\n<p>En el Bolet\u00edn Oficial del Estado de 3 de junio de 2023, se ha publicado anuncio de convocatoria para proveer una plaza de t\u00e9cnico\/a de empresas de Amurrio Bidean.<\/p>\n<p>Las\u00a0<strong>Bases generales y espec\u00edficas<\/strong>, que regir\u00e1n el proceso de selecci\u00f3n, se han publicado en el Boletin Oficial del Territorio Hist\u00f3rico de \u00a0\u00c1lava, n\u00famero 142, de 12 de diciembre de 2022.<\/p>\n<p><strong>Plaza convocada:<\/strong><\/p>\n<p>1 plaza de t\u00e9cnico de empresas, grupo A2, turno libre<\/p>\n<p><strong>Presentaci\u00f3n de solicitudes<\/strong><\/p>\n<p>Las solicitudes deber\u00e1n cumplimentarse y presentarse en el modelo oficial, disponible en la p\u00e1gina web de Amurrio Bidean:.\u00a0<a href=\"http:\/\/www.amurriobidean.org\/\">www.amurriobidean.org<\/a>, en las oficinas de Amurrio Bidean sitas en C\/ El Refor, s\/n 01470 Amurrio (\u00c1lava).<\/p>\n<p>Tambi\u00e9n podr\u00e1n presentarse seg\u00fan lo previsto en el art\u00edculo 16 de la Ley 39\/2015, de 1 de octubre, del Procedimiento Administrativo Com\u00fan de las Administraciones P\u00fablicas.<\/p>\n<p><strong>Plazo de presentaci\u00f3n de solicitudes<\/strong><\/p>\n<p>Del\u00a0<strong>5 de junio al 30 de junio de 2023<\/strong>, ambos incluidos.<\/p>\n<p><a href=\"http:\/\/amurriobidean.org\/wp-content\/uploads\/2023\/06\/FORMULARIO-TECNICO-DE-EMPRESAS-definitivo.pdf\">FORMULARIO T\u00c9CNICO DE EMPRESAS<\/a><\/p>\n<p><a href=\"http:\/\/amurriobidean.org\/wp-content\/uploads\/2023\/06\/BASES-PUBLICADAS-EN-EL-BOTHA.pdf\">BASES PUBLICADAS EN EL BOTHA<\/a><\/p>\n<p><a href=\"http:\/\/amurriobidean.org\/wp-content\/uploads\/2023\/06\/BOE-A-2023-13273.pdf\">BOE-A-2023-13273<\/a><\/p>\n<p><a href=\"https:\/\/amurriobidean.org\/wp-content\/uploads\/2023\/12\/BOTHA-listado-admitidos.pdf\" target=\"_blank\" rel=\"noopener\">Listado admitidos<\/a><\/p>\n<p><a href=\"https:\/\/amurriobidean.org\/wp-content\/uploads\/2023\/12\/1.-Anuncio-Resultados-provisionales-Valoracion-de-meritos.pdf\" target=\"_blank\" rel=\"noopener\">Valoraci\u00f3n de m\u00e9ritos<\/a><\/p>\n<p><a href=\"https:\/\/amurriobidean.org\/wp-content\/uploads\/2024\/02\/1.-Anuncio-Resultados-definitivos-Valoracion-de-meritos-firmado.pdf\" target=\"_blank\" rel=\"noopener\">Anuncio Resultados definitivos<\/a><\/p>\n<\/div><\/section><\/div>\n<style type=\"text\/css\" data-created_by=\"avia_inline_auto\" id=\"style-css-av-1smf2r-cf85cfa258f9dcf93c69e140932029e2\">\n.flex_column.av-1smf2r-cf85cfa258f9dcf93c69e140932029e2{\nborder-radius:0px 0px 0px 0px;\npadding:0px 0px 0px 0px;\n}\n<\/style>\n<div  class='flex_column av-1smf2r-cf85cfa258f9dcf93c69e140932029e2 av_one_fourth  avia-builder-el-6  el_after_av_one_full  el_before_av_three_fifth  first flex_column_div av-zero-column-padding  column-top-margin'     ><\/div>\n<style type=\"text\/css\" data-created_by=\"avia_inline_auto\" id=\"style-css-av-fv5der-7e5af09c5a276a98ef55bd48b069c013\">\n.flex_column.av-fv5der-7e5af09c5a276a98ef55bd48b069c013{\nborder-radius:0px 0px 0px 0px;\npadding:0px 0px 0px 0px;\n}\n<\/style>\n<div  class='flex_column av-fv5der-7e5af09c5a276a98ef55bd48b069c013 av_three_fifth  avia-builder-el-7  el_after_av_one_fourth  avia-builder-el-last  flex_column_div av-zero-column-padding  column-top-margin'     ><style type=\"text\/css\" data-created_by=\"avia_inline_auto\" id=\"style-css-av-e6gg03-530d99168023599463f4b1b6f0943003\">\n#top .avia-icon-list-container.av-e6gg03-530d99168023599463f4b1b6f0943003 .iconlist_icon{\ncolor:#ffffff;\nbackground-color:#00c389;\n}\n#top .avia-icon-list-container.av-e6gg03-530d99168023599463f4b1b6f0943003 .iconlist_icon svg:first-child{\nstroke:#ffffff;\nfill:#ffffff;\n}\n<\/style>\n<div  class='avia-icon-list-container av-e6gg03-530d99168023599463f4b1b6f0943003  avia-builder-el-8  avia-builder-el-no-sibling '><ul class='avia-icon-list avia_animate_when_almost_visible avia-icon-list-left av-iconlist-big av-e6gg03-530d99168023599463f4b1b6f0943003 avia-iconlist-animate'><\/ul><\/div><\/div><\/div><\/div><\/div><!-- close content main div --><\/div><\/div><div id='after_section_2'  class='main_color av_default_container_wrap container_wrap sidebar_right'  ><div class='container av-section-cont-open' ><div class='template-page content  av-content-small alpha units'><div class='post-entry post-entry-type-page post-entry-5946'><div class='entry-content-wrapper clearfix'>\n","protected":false},"excerpt":{"rendered":"","protected":false},"author":1,"featured_media":0,"parent":0,"menu_order":0,"comment_status":"closed","ping_status":"closed","template":"","meta":{"footnotes":""},"class_list":["post-5946","page","type-page","status-publish","hentry"],"yoast_head":"<!-- This site is optimized with the Yoast SEO plugin v25.3 - https:\/\/yoast.com\/wordpress\/plugins\/seo\/ -->\n<title>Oferta p\u00fablica de empleo - Amurrio Bidean. Garapen Agentzia - Agencia de desarrollo.<\/title>\n<meta name=\"robots\" content=\"index, follow, max-snippet:-1, max-image-preview:large, max-video-preview:-1\" \/>\n<link rel=\"canonical\" href=\"https:\/\/amurriobidean.org\/es\/oferta-publica-de-empleo-2\/\" \/>\n<meta property=\"og:locale\" content=\"es_ES\" \/>\n<meta property=\"og:type\" content=\"article\" \/>\n<meta property=\"og:title\" content=\"Oferta p\u00fablica de empleo - Amurrio Bidean. Garapen Agentzia - Agencia de desarrollo.\" \/>\n<meta property=\"og:url\" content=\"https:\/\/amurriobidean.org\/es\/oferta-publica-de-empleo-2\/\" \/>\n<meta property=\"og:site_name\" content=\"Amurrio Bidean. Garapen Agentzia - Agencia de desarrollo.\" \/>\n<meta property=\"article:publisher\" content=\"https:\/\/www.facebook.com\/amurrio.bidean\" \/>\n<meta property=\"article:modified_time\" content=\"2024-02-02T13:47:12+00:00\" \/>\n<meta name=\"twitter:card\" content=\"summary_large_image\" \/>\n<meta name=\"twitter:site\" content=\"@amurriobidean\" \/>\n<meta name=\"twitter:label1\" content=\"Tiempo de lectura\" \/>\n\t<meta name=\"twitter:data1\" content=\"2 minutos\" \/>\n<script type=\"application\/ld+json\" class=\"yoast-schema-graph\">{\"@context\":\"https:\/\/schema.org\",\"@graph\":[{\"@type\":\"WebPage\",\"@id\":\"https:\/\/amurriobidean.org\/es\/oferta-publica-de-empleo-2\/\",\"url\":\"https:\/\/amurriobidean.org\/es\/oferta-publica-de-empleo-2\/\",\"name\":\"Oferta p\u00fablica de empleo - Amurrio Bidean. Garapen Agentzia - Agencia de desarrollo.\",\"isPartOf\":{\"@id\":\"https:\/\/amurriobidean.org\/es\/#website\"},\"datePublished\":\"2023-06-08T08:58:06+00:00\",\"dateModified\":\"2024-02-02T13:47:12+00:00\",\"breadcrumb\":{\"@id\":\"https:\/\/amurriobidean.org\/es\/oferta-publica-de-empleo-2\/#breadcrumb\"},\"inLanguage\":\"es\",\"potentialAction\":[{\"@type\":\"ReadAction\",\"target\":[\"https:\/\/amurriobidean.org\/es\/oferta-publica-de-empleo-2\/\"]}]},{\"@type\":\"BreadcrumbList\",\"@id\":\"https:\/\/amurriobidean.org\/es\/oferta-publica-de-empleo-2\/#breadcrumb\",\"itemListElement\":[{\"@type\":\"ListItem\",\"position\":1,\"name\":\"Portada\",\"item\":\"https:\/\/amurriobidean.org\/es\/\"},{\"@type\":\"ListItem\",\"position\":2,\"name\":\"Oferta p\u00fablica de empleo\"}]},{\"@type\":\"WebSite\",\"@id\":\"https:\/\/amurriobidean.org\/es\/#website\",\"url\":\"https:\/\/amurriobidean.org\/es\/\",\"name\":\"Amurrio Bidean. Garapen Agentzia - Agencia de desarrollo.\",\"description\":\"Agencia de Desarollo Local de Amurrio\",\"potentialAction\":[{\"@type\":\"SearchAction\",\"target\":{\"@type\":\"EntryPoint\",\"urlTemplate\":\"https:\/\/amurriobidean.org\/es\/?s={search_term_string}\"},\"query-input\":{\"@type\":\"PropertyValueSpecification\",\"valueRequired\":true,\"valueName\":\"search_term_string\"}}],\"inLanguage\":\"es\"}]}<\/script>\n<!-- \/ Yoast SEO plugin. -->","yoast_head_json":{"title":"Oferta p\u00fablica de empleo - Amurrio Bidean. Garapen Agentzia - Agencia de desarrollo.","robots":{"index":"index","follow":"follow","max-snippet":"max-snippet:-1","max-image-preview":"max-image-preview:large","max-video-preview":"max-video-preview:-1"},"canonical":"https:\/\/amurriobidean.org\/es\/oferta-publica-de-empleo-2\/","og_locale":"es_ES","og_type":"article","og_title":"Oferta p\u00fablica de empleo - Amurrio Bidean. Garapen Agentzia - Agencia de desarrollo.","og_url":"https:\/\/amurriobidean.org\/es\/oferta-publica-de-empleo-2\/","og_site_name":"Amurrio Bidean. Garapen Agentzia - Agencia de desarrollo.","article_publisher":"https:\/\/www.facebook.com\/amurrio.bidean","article_modified_time":"2024-02-02T13:47:12+00:00","twitter_card":"summary_large_image","twitter_site":"@amurriobidean","twitter_misc":{"Tiempo de lectura":"2 minutos"},"schema":{"@context":"https:\/\/schema.org","@graph":[{"@type":"WebPage","@id":"https:\/\/amurriobidean.org\/es\/oferta-publica-de-empleo-2\/","url":"https:\/\/amurriobidean.org\/es\/oferta-publica-de-empleo-2\/","name":"Oferta p\u00fablica de empleo - Amurrio Bidean. Garapen Agentzia - Agencia de desarrollo.","isPartOf":{"@id":"https:\/\/amurriobidean.org\/es\/#website"},"datePublished":"2023-06-08T08:58:06+00:00","dateModified":"2024-02-02T13:47:12+00:00","breadcrumb":{"@id":"https:\/\/amurriobidean.org\/es\/oferta-publica-de-empleo-2\/#breadcrumb"},"inLanguage":"es","potentialAction":[{"@type":"ReadAction","target":["https:\/\/amurriobidean.org\/es\/oferta-publica-de-empleo-2\/"]}]},{"@type":"BreadcrumbList","@id":"https:\/\/amurriobidean.org\/es\/oferta-publica-de-empleo-2\/#breadcrumb","itemListElement":[{"@type":"ListItem","position":1,"name":"Portada","item":"https:\/\/amurriobidean.org\/es\/"},{"@type":"ListItem","position":2,"name":"Oferta p\u00fablica de empleo"}]},{"@type":"WebSite","@id":"https:\/\/amurriobidean.org\/es\/#website","url":"https:\/\/amurriobidean.org\/es\/","name":"Amurrio Bidean. Garapen Agentzia - Agencia de desarrollo.","description":"Agencia de Desarollo Local de Amurrio","potentialAction":[{"@type":"SearchAction","target":{"@type":"EntryPoint","urlTemplate":"https:\/\/amurriobidean.org\/es\/?s={search_term_string}"},"query-input":{"@type":"PropertyValueSpecification","valueRequired":true,"valueName":"search_term_string"}}],"inLanguage":"es"}]}},"_links":{"self":[{"href":"https:\/\/amurriobidean.org\/es\/wp-json\/wp\/v2\/pages\/5946","targetHints":{"allow":["GET"]}}],"collection":[{"href":"https:\/\/amurriobidean.org\/es\/wp-json\/wp\/v2\/pages"}],"about":[{"href":"https:\/\/amurriobidean.org\/es\/wp-json\/wp\/v2\/types\/page"}],"author":[{"embeddable":true,"href":"https:\/\/amurriobidean.org\/es\/wp-json\/wp\/v2\/users\/1"}],"replies":[{"embeddable":true,"href":"https:\/\/amurriobidean.org\/es\/wp-json\/wp\/v2\/comments?post=5946"}],"version-history":[{"count":0,"href":"https:\/\/amurriobidean.org\/es\/wp-json\/wp\/v2\/pages\/5946\/revisions"}],"wp:attachment":[{"href":"https:\/\/amurriobidean.org\/es\/wp-json\/wp\/v2\/media?parent=5946"}],"curies":[{"name":"wp","href":"https:\/\/api.w.org\/{rel}","templated":true}]}}